{"version":"1.0","provider_name":"Germin","provider_url":"https:\/\/germin.org\/sq","title":"Diaspora e Kosov\u00ebs viziton ITP Prizren - Germin","type":"rich","width":600,"height":338,"html":"<blockquote class=\"wp-embedded-content\" data-secret=\"KrOlz4a7YK\"><a href=\"https:\/\/germin.org\/sq\/diaspora-e-kosoves-viziton-itp-prizren\/\">Diaspora e Kosov\u00ebs viziton ITP Prizren<\/a><\/blockquote><iframe sandbox=\"allow-scripts\" security=\"restricted\" src=\"https:\/\/germin.org\/sq\/diaspora-e-kosoves-viziton-itp-prizren\/embed\/#?secret=KrOlz4a7YK\" width=\"600\" height=\"338\" title=\"&#8220;Diaspora e Kosov\u00ebs viziton ITP Prizren&#8221; &#8212; Germin\" data-secret=\"KrOlz4a7YK\" frameborder=\"0\" marginwidth=\"0\" marginheight=\"0\" scrolling=\"no\" class=\"wp-embedded-content\"><\/iframe><script>\n\/*! This file is auto-generated *\/\n!function(d,l){\"use strict\";l.querySelector&&d.addEventListener&&\"undefined\"!=typeof URL&&(d.wp=d.wp||{},d.wp.receiveEmbedMessage||(d.wp.receiveEmbedMessage=function(e){var t=e.data;if((t||t.secret||t.message||t.value)&&!\/[^a-zA-Z0-9]\/.test(t.secret)){for(var s,r,n,a=l.querySelectorAll('iframe[data-secret=\"'+t.secret+'\"]'),o=l.querySelectorAll('blockquote[data-secret=\"'+t.secret+'\"]'),c=new RegExp(\"^https?:$\",\"i\"),i=0;i<o.length;i++)o[i].style.display=\"none\";for(i=0;i<a.length;i++)s=a[i],e.source===s.contentWindow&&(s.removeAttribute(\"style\"),\"height\"===t.message?(1e3<(r=parseInt(t.value,10))?r=1e3:~~r<200&&(r=200),s.height=r):\"link\"===t.message&&(r=new URL(s.getAttribute(\"src\")),n=new URL(t.value),c.test(n.protocol))&&n.host===r.host&&l.activeElement===s&&(d.top.location.href=t.value))}},d.addEventListener(\"message\",d.wp.receiveEmbedMessage,!1),l.addEventListener(\"DOMContentLoaded\",function(){for(var e,t,s=l.querySelectorAll(\"iframe.wp-embedded-content\"),r=0;r<s.length;r++)(t=(e=s[r]).getAttribute(\"data-secret\"))||(t=Math.random().toString(36).substring(2,12),e.src+=\"#?secret=\"+t,e.setAttribute(\"data-secret\",t)),e.contentWindow.postMessage({message:\"ready\",secret:t},\"*\")},!1)))}(window,document);\n\/\/# sourceURL=https:\/\/germin.org\/wp-includes\/js\/wp-embed.min.js\n<\/script>","thumbnail_url":"https:\/\/germin.org\/wp-content\/uploads\/2021\/07\/211760829_545665373133228_280788342337223516_n.jpg","thumbnail_width":727,"thumbnail_height":510,"description":"Rreth 50 p\u00ebrfaq\u00ebsues t\u00eb diaspor\u00ebs \ud83c\uddfd\ud83c\uddf0 vizituan ITP Prizren p\u00ebr t\u00eb m\u00ebsuar m\u00eb shum\u00eb rreth mund\u00ebsive t\u00eb investimeve n\u00eb k\u00ebt\u00eb park. Pjes\u00ebmarr\u00ebsit vizituan ambientet kryesore t\u00eb ofruara nga ITP Prizren p\u00ebr bizneset q\u00eb d\u00ebshirojn\u00eb t\u00eb ofrojn\u00eb sh\u00ebrbime ose prodhim. Kjo vizit\u00eb \u00ebsht\u00eb pjes\u00eb e Konvent\u00ebs s\u00eb Biznesit t\u00eb Diaspor\u00ebs n\u00eb Kosov\u00eb q\u00eb u mbajt n\u00eb [&hellip;]"}